{"id":8958,"date":"2019-11-04T14:22:21","date_gmt":"2019-11-04T18:22:21","guid":{"rendered":"http:\/\/www.incoop.gov.py\/v2\/?page_id=8958"},"modified":"2026-03-16T14:02:19","modified_gmt":"2026-03-16T17:02:19","slug":"convenios-y-contratos-celebrados","status":"publish","type":"page","link":"https:\/\/www.incoop.gov.py\/?page_id=8958","title":{"rendered":"Convenios y Contratos Celebrados"},"content":{"rendered":"\t\t<div data-elementor-type=\"wp-page\" data-elementor-id=\"8958\" class=\"elementor elementor-8958\">\n\t\t\t\t\t\t<section class=\"elementor-section elementor-top-section elementor-element elementor-element-ae5642f elementor-section-stretched elementor-section-boxed elementor-section-height-default elementor-section-height-default\" data-id=\"ae5642f\" data-element_type=\"section\" data-settings=\"{&quot;stretch_section&quot;:&quot;section-stretched&quot;}\">\n\t\t\t\t\t\t<div class=\"elementor-container elementor-column-gap-default\">\n\t\t\t\t\t<div class=\"elementor-column elementor-col-50 elementor-top-column elementor-element elementor-element-c4c80e1\" data-id=\"c4c80e1\" data-element_type=\"column\">\n\t\t\t<div class=\"elementor-widget-wrap elementor-element-populated\">\n\t\t\t\t\t\t<div class=\"elementor-element elementor-element-c82fb0a elementor-widget elementor-widget-html\" data-id=\"c82fb0a\" data-element_type=\"widget\" data-widget_type=\"html.default\">\n\t\t\t\t<div class=\"elementor-widget-container\">\n\t\t\t\t\t<!DOCTYPE html>\r\n<html lang=\"es\">\r\n<head>\r\n    <meta charset=\"UTF-8\">\r\n    <meta name=\"viewport\" content=\"width=device-width, initial-scale=1.0\">\r\n    <title>Bot\u00f3n T\u00edtulo Azul Intenso<\/title>\r\n    \r\n    <link href=\"https:\/\/fonts.googleapis.com\/css2?family=Montserrat:wght@400;700&display=swap\" rel=\"stylesheet\">\r\n\r\n    <style>\r\n        \/* Contenedor principal *\/\r\n        .diseno-contenedor {\r\n            display: flex;\r\n            flex-direction: column;\r\n            align-items: center;\r\n            justify-content: center;\r\n            padding: 30px;\r\n            font-family: 'Montserrat', sans-serif;\r\n        }\r\n\r\n        \/* Estilos del Bot\u00f3n\/T\u00edtulo en Azul Intenso *\/\r\n        .boton-titulo {\r\n            background-color: #0033CC; \/* Azul intenso y profesional *\/\r\n            color: #FFFFFF;\r\n            font-size: 16px;\r\n            font-weight: 700;\r\n            padding: 14px 35px;\r\n            border: none;\r\n            border-radius: 50px; \/* Esquinas redondeadas *\/\r\n            cursor: pointer;\r\n            text-transform: uppercase;\r\n            box-shadow: 0 4px 15px rgba(0, 51, 204, 0.3);\r\n            transition: all 0.3s ease;\r\n        }\r\n\r\n        .boton-titulo:hover {\r\n            background-color: #0022AA; \/* Azul un poco m\u00e1s oscuro al pasar el mouse *\/\r\n            transform: scale(1.03); \/* Ligero aumento de tama\u00f1o *\/\r\n            box-shadow: 0 6px 20px rgba(0, 51, 204, 0.4);\r\n        }\r\n\r\n        \/* Detalle debajo del bot\u00f3n *\/\r\n        .detalle-inferior {\r\n            margin-top: 12px;\r\n            font-size: 11px;\r\n            color: #444444;\r\n            text-transform: uppercase;\r\n            letter-spacing: 2.5px;\r\n            font-weight: 400;\r\n        }\r\n    <\/style>\r\n<\/head>\r\n<body>\r\n\r\n    <div class=\"diseno-contenedor\">\r\n        <button class=\"boton-titulo\">CONVENIOS VIGENTES<\/button>\r\n        <span class=\"detalle-inferior\"><\/span>\r\n    <\/div>\r\n\r\n<\/body>\r\n<\/html>\t\t\t\t<\/div>\n\t\t\t\t<\/div>\n\t\t\t\t<div class=\"elementor-element elementor-element-9981274 elementor-widget elementor-widget-accordion\" data-id=\"9981274\" data-element_type=\"widget\" data-widget_type=\"accordion.default\">\n\t\t\t\t<div class=\"elementor-widget-container\">\n\t\t\t\t\t\t\t<div class=\"elementor-accordion\">\n\t\t\t\t\t\t\t<div class=\"elementor-accordion-item\">\n\t\t\t\t\t<div id=\"elementor-tab-title-1601\" class=\"elementor-tab-title\" data-tab=\"1\" role=\"button\" aria-controls=\"elementor-tab-content-1601\" aria-expanded=\"false\">\n\t\t\t\t\t\t\t\t\t\t\t\t\t<span class=\"elementor-accordion-icon elementor-accordion-icon-left\" aria-hidden=\"true\">\n\t\t\t\t\t\t\t\t\t\t\t\t\t\t\t<span class=\"elementor-accordion-icon-closed\"><i class=\"fas fa-plus\"><\/i><\/span>\n\t\t\t\t\t\t\t\t<span class=\"elementor-accordion-icon-opened\"><i class=\"fas fa-minus\"><\/i><\/span>\n\t\t\t\t\t\t\t\t\t\t\t\t\t\t<\/span>\n\t\t\t\t\t\t\t\t\t\t\t\t<a class=\"elementor-accordion-title\" tabindex=\"0\">CONVENIO MARCO COOPERACI\u00d3N MUVH \/ INCOOP<\/a>\n\t\t\t\t\t<\/div>\n\t\t\t\t\t<div id=\"elementor-tab-content-1601\" class=\"elementor-tab-content elementor-clearfix\" data-tab=\"1\" role=\"region\" aria-labelledby=\"elementor-tab-title-1601\"><p><strong>Fecha:<\/strong>\u00a016\/07\/2025<br \/><strong>Documento:<\/strong><br \/>El presente establece el Convenio Marco de Cooperaci\u00f3n interinstitucional entre el Ministerio del Urbanismo, Vivienda y H\u00e1bitat (MUVH) y el Instituto Nacional de Cooperativismo (INCOOP)<\/p><p><i class=\"fas fa-file-pdf\" style=\"font-size: 24px; color: red;\"><\/i>\u00a0<a href=\"https:\/\/www.incoop.gov.py\/wp-content\/uploads\/2025\/07\/CONVENIO-marco-MUVH-INCOOP.pdf\" target=\"_blank\" rel=\"noopener\">CONVENIO MARCO MUVH INCOOP<\/a><\/p><\/div>\n\t\t\t\t<\/div>\n\t\t\t\t\t\t\t<div class=\"elementor-accordion-item\">\n\t\t\t\t\t<div id=\"elementor-tab-title-1602\" class=\"elementor-tab-title\" data-tab=\"2\" role=\"button\" aria-controls=\"elementor-tab-content-1602\" aria-expanded=\"false\">\n\t\t\t\t\t\t\t\t\t\t\t\t\t<span class=\"elementor-accordion-icon elementor-accordion-icon-left\" aria-hidden=\"true\">\n\t\t\t\t\t\t\t\t\t\t\t\t\t\t\t<span class=\"elementor-accordion-icon-closed\"><i class=\"fas fa-plus\"><\/i><\/span>\n\t\t\t\t\t\t\t\t<span class=\"elementor-accordion-icon-opened\"><i class=\"fas fa-minus\"><\/i><\/span>\n\t\t\t\t\t\t\t\t\t\t\t\t\t\t<\/span>\n\t\t\t\t\t\t\t\t\t\t\t\t<a class=\"elementor-accordion-title\" tabindex=\"0\">CONVENIO N\u00b0 1 MUVH \/ INCOOP<\/a>\n\t\t\t\t\t<\/div>\n\t\t\t\t\t<div id=\"elementor-tab-content-1602\" class=\"elementor-tab-content elementor-clearfix\" data-tab=\"2\" role=\"region\" aria-labelledby=\"elementor-tab-title-1602\"><p><strong>Fecha:<\/strong>\u00a016\/07\/2025<br \/><strong>Documento:<\/strong><br \/>El presente establece el Convenio Espec\u00edfico de Cooperaci\u00f3n interinstitucional entre el Ministerio del Urbanismo, Vivienda y H\u00e1bitat (MUVH) y el Instituto Nacional de Cooperativismo (INCOOP)<\/p><p><i class=\"fas fa-file-pdf\" style=\"font-size: 24px; color: red;\"><\/i>\u00a0 <a href=\"https:\/\/www.incoop.gov.py\/wp-content\/uploads\/2025\/07\/CONVENIO-1-MUVH-INCOOP.pdf\" target=\"_blank\" rel=\"noopener\">CONVENIO 1 MUVH-INCOOP<\/a><\/p><\/div>\n\t\t\t\t<\/div>\n\t\t\t\t\t\t\t<div class=\"elementor-accordion-item\">\n\t\t\t\t\t<div id=\"elementor-tab-title-1603\" class=\"elementor-tab-title\" data-tab=\"3\" role=\"button\" aria-controls=\"elementor-tab-content-1603\" aria-expanded=\"false\">\n\t\t\t\t\t\t\t\t\t\t\t\t\t<span class=\"elementor-accordion-icon elementor-accordion-icon-left\" aria-hidden=\"true\">\n\t\t\t\t\t\t\t\t\t\t\t\t\t\t\t<span class=\"elementor-accordion-icon-closed\"><i class=\"fas fa-plus\"><\/i><\/span>\n\t\t\t\t\t\t\t\t<span class=\"elementor-accordion-icon-opened\"><i class=\"fas fa-minus\"><\/i><\/span>\n\t\t\t\t\t\t\t\t\t\t\t\t\t\t<\/span>\n\t\t\t\t\t\t\t\t\t\t\t\t<a class=\"elementor-accordion-title\" tabindex=\"0\">CONVENIO INCOOP \/ CAF \/ OEI<\/a>\n\t\t\t\t\t<\/div>\n\t\t\t\t\t<div id=\"elementor-tab-content-1603\" class=\"elementor-tab-content elementor-clearfix\" data-tab=\"3\" role=\"region\" aria-labelledby=\"elementor-tab-title-1603\"><p><strong>Fecha:<\/strong>\u00a013\/05\/2025<br \/><strong>Documento:<\/strong><br \/>El presente establece el Convenio de Ejecuci\u00f3n con Recursos de Cooperaci\u00f3n T\u00e9cnica No Reembolsable entre el Instituto Nacional de Cooperativismo (INCOOP), el Banco de Desarrollo de Am\u00e9rica Latina y el Caribe (CAF) y la Organizaci\u00f3n de Estados Iberoamericanos (OEI).<\/p><p><i class=\"fas fa-file-pdf\" style=\"font-size: 24px; color: red;\"><\/i>\u00a0 \u00a0<a href=\"https:\/\/www.incoop.gov.py\/wp-content\/uploads\/2025\/06\/CONVENIO-INCOOP-CAF-OEI-1.pdf\" target=\"_blank\" rel=\"noopener\">CONVENIO\u00a0 INCOOP &#8211; CAF &#8211; OEI<\/a><\/p><\/div>\n\t\t\t\t<\/div>\n\t\t\t\t\t\t\t<div class=\"elementor-accordion-item\">\n\t\t\t\t\t<div id=\"elementor-tab-title-1604\" class=\"elementor-tab-title\" data-tab=\"4\" role=\"button\" aria-controls=\"elementor-tab-content-1604\" aria-expanded=\"false\">\n\t\t\t\t\t\t\t\t\t\t\t\t\t<span class=\"elementor-accordion-icon elementor-accordion-icon-left\" aria-hidden=\"true\">\n\t\t\t\t\t\t\t\t\t\t\t\t\t\t\t<span class=\"elementor-accordion-icon-closed\"><i class=\"fas fa-plus\"><\/i><\/span>\n\t\t\t\t\t\t\t\t<span class=\"elementor-accordion-icon-opened\"><i class=\"fas fa-minus\"><\/i><\/span>\n\t\t\t\t\t\t\t\t\t\t\t\t\t\t<\/span>\n\t\t\t\t\t\t\t\t\t\t\t\t<a class=\"elementor-accordion-title\" tabindex=\"0\">CONVENIO INCOOP \/ CONCOPAR<\/a>\n\t\t\t\t\t<\/div>\n\t\t\t\t\t<div id=\"elementor-tab-content-1604\" class=\"elementor-tab-content elementor-clearfix\" data-tab=\"4\" role=\"region\" aria-labelledby=\"elementor-tab-title-1604\"><p><strong>Fecha:<\/strong>\u00a023\/10\/2024<br \/><strong>Documento:<\/strong><br \/>Convenio Marco de Cooperaci\u00f3n Interinstitucional entre la Confederaci\u00f3n de Cooperativas Rurales del Paraguay Ltda. (CONCOPAR) y el Institucional de Cooperativismo (INCOOP)<br \/><strong>Vigencia:<\/strong>\u00a03 a\u00f1os.<br \/><strong>Objetivo:<br \/><\/strong>El presente Convenio tiene por objeto establecer los lineamientos generales y los canales de comunicaci\u00f3n, que permitan a CONCOPAR e INCOOP, por medio de programas y proyectos espec\u00edficos, construir alianzas estrat\u00e9gicas basadas en el intercambio de conocimientos y experiencias, la cooperaci\u00f3n y la asistencia t\u00e9cnica reciproca y\/o conjunta, dentro del \u00e1mbito de las respectivas facultades y atribuciones de cada una, para beneficio del sector cooperativo nacional y el mejor cumplimiento de las disposiciones de la Ley N\u00b0 438\/94 y sus modificatorias, el Decreto Reglamentario N\u00b0 14.052\/96, la Ley N\u00b0 2175\/03 y las resoluciones del INCOOP.<\/p><p><i class=\"fas fa-file-pdf\" style=\"font-size: 24px; color: red;\"><\/i>\u00a0 <a href=\"https:\/\/www.incoop.gov.py\/wp-content\/uploads\/2024\/11\/CONVENIO-INTERINSTITUCIONAL-INCOOP-CONCOPAR.pdf\" target=\"_blank\" rel=\"noopener\">CONVENIO\u00a0 INCOOP &#8211; CONCOPAR<\/a><\/p><\/div>\n\t\t\t\t<\/div>\n\t\t\t\t\t\t\t<div class=\"elementor-accordion-item\">\n\t\t\t\t\t<div id=\"elementor-tab-title-1605\" class=\"elementor-tab-title\" data-tab=\"5\" role=\"button\" aria-controls=\"elementor-tab-content-1605\" aria-expanded=\"false\">\n\t\t\t\t\t\t\t\t\t\t\t\t\t<span class=\"elementor-accordion-icon elementor-accordion-icon-left\" aria-hidden=\"true\">\n\t\t\t\t\t\t\t\t\t\t\t\t\t\t\t<span class=\"elementor-accordion-icon-closed\"><i class=\"fas fa-plus\"><\/i><\/span>\n\t\t\t\t\t\t\t\t<span class=\"elementor-accordion-icon-opened\"><i class=\"fas fa-minus\"><\/i><\/span>\n\t\t\t\t\t\t\t\t\t\t\t\t\t\t<\/span>\n\t\t\t\t\t\t\t\t\t\t\t\t<a class=\"elementor-accordion-title\" tabindex=\"0\">CONVENIO INCOOP \/ MIC<\/a>\n\t\t\t\t\t<\/div>\n\t\t\t\t\t<div id=\"elementor-tab-content-1605\" class=\"elementor-tab-content elementor-clearfix\" data-tab=\"5\" role=\"region\" aria-labelledby=\"elementor-tab-title-1605\"><p><strong>Fecha:<\/strong>\u00a007\/08\/2024<br \/><strong>Documento:<\/strong><br \/>Convenio Marco de Cooperaci\u00f3n Interinstitucional entre el Ministerio de Industria y Comercio y el Institucional de Cooperativismo<br \/><strong>Vigencia:<\/strong>\u00a02 a\u00f1os.<br \/><strong>Objetivo:<br \/><\/strong>El presente Convenio tiene por objeto acordar una relaci\u00f3n Interinstitucional para promover y fomentar la creaci\u00f3n, desarrollo y competitividad de las MIPYMES, as\u00ed como de EMPRENDEDORES. Para el cumplimiento del Presente Convenio, Las PARTES convienen acciones de cooperaci\u00f3n y colaboraci\u00f3n, en las respectivas \u00e1reas de sus competencias, conforme a los compromisos rec\u00edprocos asumidos y adecuadamente convenidos, en el Marco de la Ley N\u00b0 4.457 para las Micro, Peque\u00f1as, Medianas Empresas (MIPYMES) y la Ley N\u00b0 5.669\/2016 de fomento a la cultura emprendedora.<strong><br \/><\/strong><\/p><p><i class=\"fas fa-file-pdf\" style=\"font-size: 24px; color: red;\"><\/i>\u00a0 <a href=\"https:\/\/www.incoop.gov.py\/wp-content\/uploads\/2024\/06\/CONVENIO-INTERINSTITUCIONAL-INCOOP-MIC.pdf\">CONVENIO INTERINSTITUCIONAL INCOOP MIC<\/a><\/p><\/div>\n\t\t\t\t<\/div>\n\t\t\t\t\t\t\t<div class=\"elementor-accordion-item\">\n\t\t\t\t\t<div id=\"elementor-tab-title-1606\" class=\"elementor-tab-title\" data-tab=\"6\" role=\"button\" aria-controls=\"elementor-tab-content-1606\" aria-expanded=\"false\">\n\t\t\t\t\t\t\t\t\t\t\t\t\t<span class=\"elementor-accordion-icon elementor-accordion-icon-left\" aria-hidden=\"true\">\n\t\t\t\t\t\t\t\t\t\t\t\t\t\t\t<span class=\"elementor-accordion-icon-closed\"><i class=\"fas fa-plus\"><\/i><\/span>\n\t\t\t\t\t\t\t\t<span class=\"elementor-accordion-icon-opened\"><i class=\"fas fa-minus\"><\/i><\/span>\n\t\t\t\t\t\t\t\t\t\t\t\t\t\t<\/span>\n\t\t\t\t\t\t\t\t\t\t\t\t<a class=\"elementor-accordion-title\" tabindex=\"0\">CONVENIO INCOOP \/ CAH<\/a>\n\t\t\t\t\t<\/div>\n\t\t\t\t\t<div id=\"elementor-tab-content-1606\" class=\"elementor-tab-content elementor-clearfix\" data-tab=\"6\" role=\"region\" aria-labelledby=\"elementor-tab-title-1606\"><p><strong>Fecha:<\/strong>\u00a019\/07\/2024<br \/><strong>Documento:<\/strong><br \/>Convenio de Cooperaci\u00f3n Interinstitucional entre el Cr\u00e9dito Agr\u00edcola de Habilitaci\u00f3n (CAH) y El Instituto Nacional de Cooperativismo (INCOOP)<br \/><strong>Vigencia:<\/strong>\u00a04 a\u00f1os.<br \/><strong>Objetivo:<\/strong><br \/>El objeto del presente Convenio es establecer los lineamientos de complementaci\u00f3n interinstitucional entre ambas entidades, que permitan canalizar con mayor eficacia y eficiencia los servicios de acompa\u00f1amiento t\u00e9cnico y de financiamiento, as\u00ed como de otros apoyos sujetos de la reforma agraria, a los micro y peque\u00f1os emprendedores que realicen actividades econ\u00f3micas, a las asociaciones, cooperativas y otras formas de organizaci\u00f3n que los nuclean.<\/p><p><i class=\"fas fa-file-pdf\" style=\"font-size: 24px; color: red;\"><\/i>\u00a0 <a href=\"https:\/\/www.incoop.gov.py\/wp-content\/uploads\/2024\/06\/CONVENIO-CAH-INCOOP.pdf\">CONVENIO CAH-INCOOP<\/a><\/p><\/div>\n\t\t\t\t<\/div>\n\t\t\t\t\t\t\t<div class=\"elementor-accordion-item\">\n\t\t\t\t\t<div id=\"elementor-tab-title-1607\" class=\"elementor-tab-title\" data-tab=\"7\" role=\"button\" aria-controls=\"elementor-tab-content-1607\" aria-expanded=\"false\">\n\t\t\t\t\t\t\t\t\t\t\t\t\t<span class=\"elementor-accordion-icon elementor-accordion-icon-left\" aria-hidden=\"true\">\n\t\t\t\t\t\t\t\t\t\t\t\t\t\t\t<span class=\"elementor-accordion-icon-closed\"><i class=\"fas fa-plus\"><\/i><\/span>\n\t\t\t\t\t\t\t\t<span class=\"elementor-accordion-icon-opened\"><i class=\"fas fa-minus\"><\/i><\/span>\n\t\t\t\t\t\t\t\t\t\t\t\t\t\t<\/span>\n\t\t\t\t\t\t\t\t\t\t\t\t<a class=\"elementor-accordion-title\" tabindex=\"0\">CONVENIO INCOOP \/ BNF<\/a>\n\t\t\t\t\t<\/div>\n\t\t\t\t\t<div id=\"elementor-tab-content-1607\" class=\"elementor-tab-content elementor-clearfix\" data-tab=\"7\" role=\"region\" aria-labelledby=\"elementor-tab-title-1607\"><p><strong>Fecha:<\/strong>\u00a012\/04\/2024<br \/><strong>Documento:<\/strong><br \/>Convenio de Cooperaci\u00f3n Interinstitucional entre el Instituto Nacional de Cooperativismo y el Banco Nacional de Fomento \u2013 Compra y Reestructuraci\u00f3n de deudas.<br \/><strong>Vigencia:\u00a0<\/strong>\u00a01 a\u00f1o.<br \/><strong>Objetivo:<\/strong><br \/>El presente Convenio de Cooperaci\u00f3n Interinstitucional tiene por objeto coadyuvar en el saneamiento de la econom\u00eda de los funcionarios permanentes y contratados de la ENTIDAD, tambi\u00e9n llamados beneficiarios, a trav\u00e9s de la compra de deudas de los mismos.<\/p><p><i class=\"fas fa-file-pdf\" style=\"font-size: 24px; color: red;\"><\/i>\u00a0 <a href=\"https:\/\/www.incoop.gov.py\/wp-content\/uploads\/2011\/05\/CONVENIO-BNF.pdf\" target=\"_blank\" rel=\"noopener\">CONVENIO BNF<\/a><\/p><\/div>\n\t\t\t\t<\/div>\n\t\t\t\t\t\t\t<div class=\"elementor-accordion-item\">\n\t\t\t\t\t<div id=\"elementor-tab-title-1608\" class=\"elementor-tab-title\" data-tab=\"8\" role=\"button\" aria-controls=\"elementor-tab-content-1608\" aria-expanded=\"false\">\n\t\t\t\t\t\t\t\t\t\t\t\t\t<span class=\"elementor-accordion-icon elementor-accordion-icon-left\" aria-hidden=\"true\">\n\t\t\t\t\t\t\t\t\t\t\t\t\t\t\t<span class=\"elementor-accordion-icon-closed\"><i class=\"fas fa-plus\"><\/i><\/span>\n\t\t\t\t\t\t\t\t<span class=\"elementor-accordion-icon-opened\"><i class=\"fas fa-minus\"><\/i><\/span>\n\t\t\t\t\t\t\t\t\t\t\t\t\t\t<\/span>\n\t\t\t\t\t\t\t\t\t\t\t\t<a class=\"elementor-accordion-title\" tabindex=\"0\">CONVENIO INCOOP \/ UNI<\/a>\n\t\t\t\t\t<\/div>\n\t\t\t\t\t<div id=\"elementor-tab-content-1608\" class=\"elementor-tab-content elementor-clearfix\" data-tab=\"8\" role=\"region\" aria-labelledby=\"elementor-tab-title-1608\"><p><strong>Fecha:<\/strong>\u00a010\/08\/2023<br \/><strong>Documento:<\/strong><br \/>Convenio Marco de Cooperaci\u00f3n rec\u00edproca entre la Universidad Nacional de Itap\u00faa \u2013 UNI y el Instituto Nacional de Cooperativismo (INCOOP).<br \/><strong>Vigencia:\u00a0<\/strong>\u00a05 a\u00f1os.<br \/><strong>Objetivo:<\/strong><br \/>Establecer un v\u00ednculo interinstitucional para coordinar acciones tendientes a la contribuci\u00f3n en actividades acad\u00e9micas, cient\u00edficas, de investigaci\u00f3n y extensi\u00f3n; la formaci\u00f3n y perfeccionamiento de recursos humanos; la prestaci\u00f3n de servicios en las \u00e1reas de sus respectivas competencias; y, la utilizaci\u00f3n de equipamientos e infraestructura.<\/p><p><i class=\"fas fa-file-pdf\" style=\"font-size: 24px; color: red;\"><\/i>\u00a0 \u00a0<a href=\"https:\/\/web.archive.org\/web\/20250918080115\/https:\/\/www.incoop.gov.py\/v2\/wp-content\/uploads\/2011\/05\/CONVENIO-UNI.pdf\" target=\"_blank\" rel=\"noopener\">CONVENIO UNI<\/a><\/p><\/div>\n\t\t\t\t<\/div>\n\t\t\t\t\t\t\t<div class=\"elementor-accordion-item\">\n\t\t\t\t\t<div id=\"elementor-tab-title-1609\" class=\"elementor-tab-title\" data-tab=\"9\" role=\"button\" aria-controls=\"elementor-tab-content-1609\" aria-expanded=\"false\">\n\t\t\t\t\t\t\t\t\t\t\t\t\t<span class=\"elementor-accordion-icon elementor-accordion-icon-left\" aria-hidden=\"true\">\n\t\t\t\t\t\t\t\t\t\t\t\t\t\t\t<span class=\"elementor-accordion-icon-closed\"><i class=\"fas fa-plus\"><\/i><\/span>\n\t\t\t\t\t\t\t\t<span class=\"elementor-accordion-icon-opened\"><i class=\"fas fa-minus\"><\/i><\/span>\n\t\t\t\t\t\t\t\t\t\t\t\t\t\t<\/span>\n\t\t\t\t\t\t\t\t\t\t\t\t<a class=\"elementor-accordion-title\" tabindex=\"0\">CONVENIO INCOOP \/ SENAC<\/a>\n\t\t\t\t\t<\/div>\n\t\t\t\t\t<div id=\"elementor-tab-content-1609\" class=\"elementor-tab-content elementor-clearfix\" data-tab=\"9\" role=\"region\" aria-labelledby=\"elementor-tab-title-1609\"><p><strong>Fecha:<\/strong>\u00a003\/05\/2023<br \/><strong>Documento:<\/strong><br \/>Convenio de Cooperaci\u00f3n insterinstitucional entre la Secretar\u00eda Nacional de Anticorrupci\u00f3n \u2013 SENAC y\u00a0 el Instituto Nacional de Cooperativismo (INCOOP).<br \/><strong>Vigencia:\u00a0<\/strong>\u00a02 a\u00f1os.<br \/><strong>Objetivo:<\/strong><br \/>Aunar esfuerzos institucionales para la cooperaci\u00f3n m\u00fatua y constante, a trav\u00e9s de estrategias y herramientas que permitan avanzar en el combate contra la corrupci\u00f3n en el Paraguay y espec\u00edficamente, en la instauraci\u00f3n de un espacio de di\u00e1logo, intercambio de buenas pr\u00e1cticas y desarrollo de programas de integridad entre las cooperativas, centrales y federaciones.<\/p><p><i class=\"fas fa-file-pdf\" style=\"font-size: 24px; color: red;\"><\/i>\u00a0 \u00a0<a href=\"https:\/\/https:\/\/www.incoop.gov.py\/wp-content\/uploads\/2011\/05\/CONVENIO-SENAC.pdf\" target=\"_blank\" rel=\"noopener\" data-wplink-url-error=\"true\">CONVENIO-SENAC<\/a><\/p><\/div>\n\t\t\t\t<\/div>\n\t\t\t\t\t\t\t<div class=\"elementor-accordion-item\">\n\t\t\t\t\t<div id=\"elementor-tab-title-16010\" class=\"elementor-tab-title\" data-tab=\"10\" role=\"button\" aria-controls=\"elementor-tab-content-16010\" aria-expanded=\"false\">\n\t\t\t\t\t\t\t\t\t\t\t\t\t<span class=\"elementor-accordion-icon elementor-accordion-icon-left\" aria-hidden=\"true\">\n\t\t\t\t\t\t\t\t\t\t\t\t\t\t\t<span class=\"elementor-accordion-icon-closed\"><i class=\"fas fa-plus\"><\/i><\/span>\n\t\t\t\t\t\t\t\t<span class=\"elementor-accordion-icon-opened\"><i class=\"fas fa-minus\"><\/i><\/span>\n\t\t\t\t\t\t\t\t\t\t\t\t\t\t<\/span>\n\t\t\t\t\t\t\t\t\t\t\t\t<a class=\"elementor-accordion-title\" tabindex=\"0\">CONVENIO INCOOP \/ FBG<\/a>\n\t\t\t\t\t<\/div>\n\t\t\t\t\t<div id=\"elementor-tab-content-16010\" class=\"elementor-tab-content elementor-clearfix\" data-tab=\"10\" role=\"region\" aria-labelledby=\"elementor-tab-title-16010\"><p><strong>Fecha:<\/strong>\u00a023\/08\/2021<br \/><strong>Documento:<\/strong><br \/>Convenio de cooperaci\u00f3n interinstitucional entre la Fundaci\u00f3n de Buen Gobierno y Instituto Nacional de Cooperativismo (INCOOP).<br \/><strong>Vigencia:\u00a0<\/strong>\u00a04 a\u00f1os.<br \/><strong>Objetivo:<\/strong><br \/>Establecer mecanismos de cooperaci\u00f3n entre ambas instituciones, a trav\u00e9s del Programa de Mejora Cont\u00ednua, en el \u00e1mbito de las Capacitaciones a nivel Personal, Familiar y Profesional; as\u00ed como tambi\u00e9n en el Servicio de Consultorio de Orientaci\u00f3n y Prevenci\u00f3n Psicol\u00f3gica, y los Grupos de Desarrollo Personal, adem\u00e1s de otros eventos especiales para el servidor p\u00fablico y su familia. Quedan excluidas del Consultorio de Orientaci\u00f3n Psicol\u00f3gica, aquellas patolog\u00edas que requieran terapias o intervenci\u00f3n psiqui\u00e1trica.<\/p><p><i class=\"fas fa-file-pdf\" style=\"font-size: 24px; color: red;\"><\/i>\u00a0 \u00a0<a href=\"https:\/\/www.incoop.gov.py\/wp-content\/uploads\/2011\/05\/CONVENIO-INCOOP-FBG.pdf\" target=\"_blank\" rel=\"noopener\">CONVENIO FBG<\/a><\/p><\/div>\n\t\t\t\t<\/div>\n\t\t\t\t\t\t\t<div class=\"elementor-accordion-item\">\n\t\t\t\t\t<div id=\"elementor-tab-title-16011\" class=\"elementor-tab-title\" data-tab=\"11\" role=\"button\" aria-controls=\"elementor-tab-content-16011\" aria-expanded=\"false\">\n\t\t\t\t\t\t\t\t\t\t\t\t\t<span class=\"elementor-accordion-icon elementor-accordion-icon-left\" aria-hidden=\"true\">\n\t\t\t\t\t\t\t\t\t\t\t\t\t\t\t<span class=\"elementor-accordion-icon-closed\"><i class=\"fas fa-plus\"><\/i><\/span>\n\t\t\t\t\t\t\t\t<span class=\"elementor-accordion-icon-opened\"><i class=\"fas fa-minus\"><\/i><\/span>\n\t\t\t\t\t\t\t\t\t\t\t\t\t\t<\/span>\n\t\t\t\t\t\t\t\t\t\t\t\t<a class=\"elementor-accordion-title\" tabindex=\"0\">CONVENIO INCOOP \/ CCP<\/a>\n\t\t\t\t\t<\/div>\n\t\t\t\t\t<div id=\"elementor-tab-content-16011\" class=\"elementor-tab-content elementor-clearfix\" data-tab=\"11\" role=\"region\" aria-labelledby=\"elementor-tab-title-16011\"><p><strong>Fecha:<\/strong>\u00a026\/07\/2019<br \/><strong>Documento:<\/strong><br \/>Convenio entre el Colegio de Contadores del Paraguay (CCPY) y el Instituto Nacional de Cooperativismo (INCOOP).<br \/><strong>Vigencia:\u00a0<\/strong>\u00a0Indefinido.<br \/><strong>Objetivo:<\/strong><br \/>Entre los objetivos que podemos mencionar:<br \/>\u2013 Intercambio de Experiencias Profesionales, Acad\u00e9mica, de Innovaci\u00f3n, Logros en los campos de la Formaci\u00f3n, la Capacitaci\u00f3n, la Investigaci\u00f3n y la Cultura, dentro de aquellas \u00e1reas en las cu\u00e1les tengan inter\u00e9s notorio para el mejoramiento educativo y cultural.<br \/>\u2013 Acuerdan en desarrollar programas de intercambio, cient\u00edfico y cultural que corresponder\u00e1n:<br \/>* Desarrollo de Programa de Educaci\u00f3n Continua y Capacitaci\u00f3n T\u00e9cnica;<br \/>* Organizaci\u00f3n de cursos, seminarios, charlas t\u00e9cnicas, foros y otras actividades de mutuo inter\u00e9s<\/p><\/div>\n\t\t\t\t<\/div>\n\t\t\t\t\t\t\t<div class=\"elementor-accordion-item\">\n\t\t\t\t\t<div id=\"elementor-tab-title-16012\" class=\"elementor-tab-title\" data-tab=\"12\" role=\"button\" aria-controls=\"elementor-tab-content-16012\" aria-expanded=\"false\">\n\t\t\t\t\t\t\t\t\t\t\t\t\t<span class=\"elementor-accordion-icon elementor-accordion-icon-left\" aria-hidden=\"true\">\n\t\t\t\t\t\t\t\t\t\t\t\t\t\t\t<span class=\"elementor-accordion-icon-closed\"><i class=\"fas fa-plus\"><\/i><\/span>\n\t\t\t\t\t\t\t\t<span class=\"elementor-accordion-icon-opened\"><i class=\"fas fa-minus\"><\/i><\/span>\n\t\t\t\t\t\t\t\t\t\t\t\t\t\t<\/span>\n\t\t\t\t\t\t\t\t\t\t\t\t<a class=\"elementor-accordion-title\" tabindex=\"0\">CONVENIO INCOOP \/ BCP<\/a>\n\t\t\t\t\t<\/div>\n\t\t\t\t\t<div id=\"elementor-tab-content-16012\" class=\"elementor-tab-content elementor-clearfix\" data-tab=\"12\" role=\"region\" aria-labelledby=\"elementor-tab-title-16012\"><p><strong>Fecha:<\/strong>\u00a0diciembre\/2017<\/p><p><strong>Documento:<\/strong><br \/>Acuerdo Marco de Cooperaci\u00f3n e intercambio de informaci\u00f3n interinstitucional entre el Banco Central de Paraguay (BCP) y el Instituto Nacional de Cooperativismo.<br \/><strong>Vigencia:\u00a0<\/strong>\u00a0duraci\u00f3n indefinida a partir de la fecha de suscripci\u00f3n.<br \/><strong>Objetivo:<\/strong><br \/>El ACUERDO tiene por objeto la cooperaci\u00f3n, asistencia t\u00e9cnica y el intercambio de informaci\u00f3n entre LAS PARTES, dentro del \u00e1mbito de sus respectivas facultades legales y basadas en la buena fe y la mutua confianza.<\/p><p><i class=\"fas fa-file-pdf\" style=\"font-size: 24px; color: red;\"><\/i>\u00a0 \u00a0<a href=\"https:\/\/web.archive.org\/web\/20250918080115\/https:\/\/www.incoop.gov.py\/v2\/wp-content\/uploads\/2011\/05\/CONVENIO-INCOOP-BCP.pdf\" target=\"_blank\" rel=\"noopener\">CONVENIO BCP<\/a><\/p><\/div>\n\t\t\t\t<\/div>\n\t\t\t\t\t\t\t\t<\/div>\n\t\t\t\t\t\t<\/div>\n\t\t\t\t<\/div>\n\t\t\t\t\t<\/div>\n\t\t<\/div>\n\t\t\t\t<div class=\"elementor-column elementor-col-50 elementor-top-column elementor-element elementor-element-9cb8c17\" data-id=\"9cb8c17\" data-element_type=\"column\">\n\t\t\t<div class=\"elementor-widget-wrap elementor-element-populated\">\n\t\t\t\t\t\t<div class=\"elementor-element elementor-element-5e62549 elementor-widget elementor-widget-html\" data-id=\"5e62549\" data-element_type=\"widget\" data-widget_type=\"html.default\">\n\t\t\t\t<div class=\"elementor-widget-container\">\n\t\t\t\t\t\n<!DOCTYPE html>\n<html lang=\"es\">\n<head>\n    <meta charset=\"UTF-8\">\n    <meta name=\"viewport\" content=\"width=device-width, initial-scale=1.0\">\n    <title>Bot\u00f3n T\u00edtulo Personalizado<\/title>\n    \n    <link href=\"https:\/\/fonts.googleapis.com\/css2?family=Montserrat:wght@400;700&display=swap\" rel=\"stylesheet\">\n\n    <style>\n        \/* Contenedor principal *\/\n        .diseno-contenedor {\n            display: flex;\n            flex-direction: column;\n            align-items: center;\n            justify-content: center;\n            padding: 20px;\n            font-family: 'Montserrat', sans-serif;\n        }\n\n        \/* Estilos del Bot\u00f3n\/T\u00edtulo *\/\n        .boton-titulo {\n            background-color: #D20000; \/* Rojo intenso *\/\n            color: #FFFFFF;\n            font-size: 16px;\n            font-weight: 700;\n            padding: 14px 35px;\n            border: none;\n            border-radius: 50px; \/* Esquinas redondeadas *\/\n            cursor: pointer;\n            text-transform: uppercase;\n            box-shadow: 0 4px 15px rgba(210, 0, 0, 0.2);\n            transition: transform 0.2s, background-color 0.3s;\n        }\n\n        .boton-titulo:hover {\n            background-color: #FF0000; \/* Rojo m\u00e1s vibrante *\/\n            transform: translateY(-2px); \/* Efecto de elevaci\u00f3n *\/\n        }\n\n        \/* Detalle debajo del bot\u00f3n *\/\n        .detalle-inferior {\n            margin-top: 10px;\n            font-size: 11px;\n            color: #666666;\n            text-transform: uppercase;\n            letter-spacing: 2px;\n            font-weight: 400;\n        }\n    <\/style>\n<\/head>\n<body>\n\n    <div class=\"diseno-contenedor\">\n        <button class=\"boton-titulo\">CONVENIOS NO VIGENTES<\/button>\n        <span class=\"detalle-inferior\"><\/span>\n    <\/div>\n\n<\/body>\n<\/html>\t\t\t\t<\/div>\n\t\t\t\t<\/div>\n\t\t\t\t<div class=\"elementor-element elementor-element-c83d182 elementor-widget elementor-widget-accordion\" data-id=\"c83d182\" data-element_type=\"widget\" data-widget_type=\"accordion.default\">\n\t\t\t\t<div class=\"elementor-widget-container\">\n\t\t\t\t\t\t\t<div class=\"elementor-accordion\">\n\t\t\t\t\t\t\t<div class=\"elementor-accordion-item\">\n\t\t\t\t\t<div id=\"elementor-tab-title-2091\" class=\"elementor-tab-title\" data-tab=\"1\" role=\"button\" aria-controls=\"elementor-tab-content-2091\" aria-expanded=\"false\">\n\t\t\t\t\t\t\t\t\t\t\t\t\t<span class=\"elementor-accordion-icon elementor-accordion-icon-left\" aria-hidden=\"true\">\n\t\t\t\t\t\t\t\t\t\t\t\t\t\t\t<span class=\"elementor-accordion-icon-closed\"><i class=\"fas fa-plus\"><\/i><\/span>\n\t\t\t\t\t\t\t\t<span class=\"elementor-accordion-icon-opened\"><i class=\"fas fa-minus\"><\/i><\/span>\n\t\t\t\t\t\t\t\t\t\t\t\t\t\t<\/span>\n\t\t\t\t\t\t\t\t\t\t\t\t<a class=\"elementor-accordion-title\" tabindex=\"0\">CONVENIO MARCO COOPERACI\u00d3N MUVH \/ INCOOP<\/a>\n\t\t\t\t\t<\/div>\n\t\t\t\t\t<div id=\"elementor-tab-content-2091\" class=\"elementor-tab-content elementor-clearfix\" data-tab=\"1\" role=\"region\" aria-labelledby=\"elementor-tab-title-2091\"><p><strong>Fecha:<\/strong>\u00a016\/07\/2025<br \/><strong>Documento:<\/strong><br \/>El presente establece el Convenio Marco de Cooperaci\u00f3n interinstitucional entre el Ministerio del Urbanismo, Vivienda y H\u00e1bitat (MUVH) y el Instituto Nacional de Cooperativismo (INCOOP)<\/p><p><i class=\"fas fa-file-pdf\" style=\"font-size: 24px; color: red;\"><\/i>\u00a0<a href=\"https:\/\/www.incoop.gov.py\/wp-content\/uploads\/2025\/07\/CONVENIO-marco-MUVH-INCOOP.pdf\" target=\"_blank\" rel=\"noopener\">CONVENIO MARCO MUVH INCOOP<\/a><\/p><\/div>\n\t\t\t\t<\/div>\n\t\t\t\t\t\t\t\t<\/div>\n\t\t\t\t\t\t<\/div>\n\t\t\t\t<\/div>\n\t\t\t\t\t<\/div>\n\t\t<\/div>\n\t\t\t\t\t<\/div>\n\t\t<\/section>\n\t\t\t\t<\/div>\n\t\t","protected":false},"excerpt":{"rendered":"<p>Bot\u00f3n T\u00edtulo Azul Intenso CONVENIOS VIGENTES CONVENIO MARCO COOPERACI\u00d3N MUVH \/ INCOOP Fecha:\u00a016\/07\/2025Documento:El presente establece el Convenio Marco de Cooperaci\u00f3n interinstitucional entre el Ministerio del Urbanismo, Vivienda y H\u00e1bitat (MUVH) y el Instituto Nacional de Cooperativismo (INCOOP) \u00a0CONVENIO MARCO MUVH INCOOP CONVENIO N\u00b0 1 MUVH \/ INCOOP Fecha:\u00a016\/07\/2025Documento:El presente establece el Convenio Espec\u00edfico de Cooperaci\u00f3n [&hellip;]<\/p>\n","protected":false},"author":1,"featured_media":0,"parent":5669,"menu_order":0,"comment_status":"closed","ping_status":"closed","template":"elementor_header_footer","meta":{"footnotes":""},"class_list":["post-8958","page","type-page","status-publish","hentry"],"_links":{"self":[{"href":"https:\/\/www.incoop.gov.py\/index.php?rest_route=\/wp\/v2\/pages\/8958","targetHints":{"allow":["GET"]}}],"collection":[{"href":"https:\/\/www.incoop.gov.py\/index.php?rest_route=\/wp\/v2\/pages"}],"about":[{"href":"https:\/\/www.incoop.gov.py\/index.php?rest_route=\/wp\/v2\/types\/page"}],"author":[{"embeddable":true,"href":"https:\/\/www.incoop.gov.py\/index.php?rest_route=\/wp\/v2\/users\/1"}],"replies":[{"embeddable":true,"href":"https:\/\/www.incoop.gov.py\/index.php?rest_route=%2Fwp%2Fv2%2Fcomments&post=8958"}],"version-history":[{"count":37,"href":"https:\/\/www.incoop.gov.py\/index.php?rest_route=\/wp\/v2\/pages\/8958\/revisions"}],"predecessor-version":[{"id":14227,"href":"https:\/\/www.incoop.gov.py\/index.php?rest_route=\/wp\/v2\/pages\/8958\/revisions\/14227"}],"up":[{"embeddable":true,"href":"https:\/\/www.incoop.gov.py\/index.php?rest_route=\/wp\/v2\/pages\/5669"}],"wp:attachment":[{"href":"https:\/\/www.incoop.gov.py\/index.php?rest_route=%2Fwp%2Fv2%2Fmedia&parent=8958"}],"curies":[{"name":"wp","href":"https:\/\/api.w.org\/{rel}","templated":true}]}}